{"id":800624,"date":"2023-01-14T16:19:34","date_gmt":"2023-01-14T15:19:34","guid":{"rendered":"https:\/\/lauriersroses.jtni.nl\/?page_id=800624"},"modified":"2025-12-07T14:44:17","modified_gmt":"2025-12-07T13:44:17","slug":"le-tarif-actuel-des-emplacements","status":"publish","type":"page","link":"https:\/\/info-lauriersroses.com\/fr\/le-tarif-actuel-des-emplacements\/","title":{"rendered":"Le tarif actuel des emplacements"},"content":{"rendered":"<p>[et_pb_section fb_built=\u00a0\u00bb1&Prime; _builder_version=\u00a0\u00bb4.19.0&Prime; width=\u00a0\u00bb1080px\u00a0\u00bb width_tablet=\u00a0\u00bbauto\u00a0\u00bb width_phone=\u00a0\u00bbauto\u00a0\u00bb width_last_edited=\u00a0\u00bbon|phone\u00a0\u00bb module_alignment=\u00a0\u00bbcenter\u00a0\u00bb custom_margin=\u00a0\u00bb|0px||0px|false|false\u00a0\u00bb custom_padding=\u00a0\u00bb|0px||0px|false|false\u00a0\u00bb global_colors_info=\u00a0\u00bb{}\u00a0\u00bb][et_pb_row _builder_version=\u00a0\u00bb4.19.0&Prime; background_size=\u00a0\u00bbinitial\u00a0\u00bb background_position=\u00a0\u00bbtop_left\u00a0\u00bb background_repeat=\u00a0\u00bbrepeat\u00a0\u00bb global_colors_info=\u00a0\u00bb{}\u00a0\u00bb][et_pb_column type=\u00a0\u00bb4_4&Prime; _builder_version=\u00a0\u00bb4.16&Prime; custom_padding=\u00a0\u00bb|||\u00a0\u00bb global_colors_info=\u00a0\u00bb{}\u00a0\u00bb custom_padding__hover=\u00a0\u00bb|||\u00a0\u00bb][et_pb_text _builder_version=\u00a0\u00bb4.19.4&Prime; _module_preset=\u00a0\u00bbdefault\u00a0\u00bb locked=\u00a0\u00bboff\u00a0\u00bb global_colors_info=\u00a0\u00bb{}\u00a0\u00bb]<\/p>\n<h1 class=\"rose\">Le tarif actuel des emplacements<\/h1>\n<p>[\/et_pb_text][\/et_pb_column][\/et_pb_row][et_pb_row _builder_version=\u00a0\u00bb4.19.4&Prime; _module_preset=\u00a0\u00bbdefault\u00a0\u00bb border_width_bottom=\u00a0\u00bb1px\u00a0\u00bb border_color_bottom=\u00a0\u00bb#763F83&Prime; global_colors_info=\u00a0\u00bb{}\u00a0\u00bb][et_pb_column type=\u00a0\u00bb4_4&Prime; _builder_version=\u00a0\u00bb4.19.4&Prime; _module_preset=\u00a0\u00bbdefault\u00a0\u00bb global_colors_info=\u00a0\u00bb{}\u00a0\u00bb][et_pb_text _builder_version=\u00a0\u00bb4.20.4&Prime; _module_preset=\u00a0\u00bbdefault\u00a0\u00bb global_colors_info=\u00a0\u00bb{}\u00a0\u00bb]<\/p>\n\n<table id=\"tablepress-18\" class=\"tablepress tablepress-id-18\">\n<tbody class=\"row-striping row-hover\">\n<tr class=\"row-1\">\n\t<td class=\"column-1\">Emplacement caravane\/caravane pliante, camping-car ou tente, inclus 2 personnes, 1 v\u00e9hicule, forfait<\/td><td class=\"column-2\">\u20ac 49,00<\/td>\n<\/tr>\n<tr class=\"row-2\">\n\t<td class=\"column-1\">Branchement \u00e9lectricit\u00e9 (6A)<\/td><td class=\"column-2\">\u20ac 7,00<\/td>\n<\/tr>\n<tr class=\"row-3\">\n\t<td class=\"column-1\">Branchement \u00e9lectricit\u00e9 (10A)<\/td><td class=\"column-2\">\u20ac 8,00<\/td>\n<\/tr>\n<tr class=\"row-4\">\n\t<td class=\"column-1\">Personne suppl\u00e9mentaire sur l'emplacement<\/td><td class=\"column-2\">\u20ac 10,20<\/td>\n<\/tr>\n<tr class=\"row-5\">\n\t<td class=\"column-1\">Enfant jusqu'\u00e0 7 ans<\/td><td class=\"column-2\">\u20ac 8,90<\/td>\n<\/tr>\n<tr class=\"row-6\">\n\t<td class=\"column-1\">Enfant jusqu'\u00e0 2 ans<\/td><td class=\"column-2\">Gratuit<\/td>\n<\/tr>\n<tr class=\"row-7\">\n\t<td class=\"column-1\">Visiteur (de 9H00 - 20H00)<\/td><td class=\"column-2\">\u20ac 10,20<\/td>\n<\/tr>\n<tr class=\"row-8\">\n\t<td class=\"column-1\">Animal<\/td><td class=\"column-2\">\u20ac 3,50<\/td>\n<\/tr>\n<tr class=\"row-9\">\n\t<td class=\"column-1\">Piscine (chauff\u00e9e)<\/td><td class=\"column-2\">Gratuit<\/td>\n<\/tr>\n<tr class=\"row-10\">\n\t<td class=\"column-1\">Location frigo (7 jrs minimum)<\/td><td class=\"column-2\">\u20ac 35,00<\/td>\n<\/tr>\n<tr class=\"row-11\">\n\t<td class=\"column-1\">Taxe de s\u00e9jour \u00e0 partir de 18 ans<\/td><td class=\"column-2\">\u20ac 0,86<\/td>\n<\/tr>\n<tr class=\"row-12\">\n\t<td class=\"column-1\">ECO participation tratement des ordures m\u00e9nag\u00e8res par Pers. Par Nuit<\/td><td class=\"column-2\">\u20ac 0,40<\/td>\n<\/tr>\n<tr class=\"row-13\">\n\t<td class=\"column-1\">Garage mort, par mois, sans assurance, (TVA 20% inclus)<\/td><td class=\"column-2\">\u20ac 37,50<\/td>\n<\/tr>\n<\/tbody>\n<\/table>\n<!-- #tablepress-18 from cache -->\n<p>[\/et_pb_text][et_pb_text admin_label=\u00a0\u00bbGarage Mort D\u00e9finition\u00a0\u00bb _builder_version=\u00a0\u00bb4.20.4&Prime; _module_preset=\u00a0\u00bbdefault\u00a0\u00bb global_colors_info=\u00a0\u00bb{}\u00a0\u00bb]<\/p>\n<p><strong>Garage Mort D\u00e9finition :<br \/><\/strong>le Camping met \u00e0 la disposition du Client, qui l\u2019accepte, un espace de stationnement, nomm\u00e9 ci-apr\u00e8s \u00ab Garage Mort \u00bb<br \/>et ne peut en aucun cas s\u2019analyser ou s\u2019assimiler \u00e0 un contrat de d\u00e9p\u00f4t ; il ne cr\u00e9e \u00e0 la charge du Prestataire aucune obligation de garde, de surveillance, d\u2019entretien, de conservation ou de restitution des biens entrepos\u00e9s, au sens des articles 1927 et suivants du Code civil.<\/p>\n<p><strong>Responsabilit\u00e9<br \/><\/strong>Le Client entrepose son v\u00e9hicule\/caravane sous sa propre responsabilit\u00e9. Il reste le gardien de son bien au sens de l\u2019article 1242 alin\u00e9a 1 du Code civil.<br \/>En cons\u00e9quence, le Prestataire ne pourra \u00eatre tenu pour responsable en cas de vol ou de d\u00e9gradation du v\u00e9hicule.<\/p>\n<p>[\/et_pb_text][\/et_pb_column][\/et_pb_row][et_pb_row _builder_version=\u00a0\u00bb4.19.0&Prime; background_size=\u00a0\u00bbinitial\u00a0\u00bb background_position=\u00a0\u00bbtop_left\u00a0\u00bb background_repeat=\u00a0\u00bbrepeat\u00a0\u00bb global_colors_info=\u00a0\u00bb{}\u00a0\u00bb][et_pb_column type=\u00a0\u00bb4_4&Prime; _builder_version=\u00a0\u00bb4.16&Prime; custom_padding=\u00a0\u00bb|||\u00a0\u00bb global_colors_info=\u00a0\u00bb{}\u00a0\u00bb custom_padding__hover=\u00a0\u00bb|||\u00a0\u00bb][et_pb_text admin_label=\u00a0\u00bbActies\u00a0\u00bb _builder_version=\u00a0\u00bb4.19.5&Prime; _module_preset=\u00a0\u00bbdefault\u00a0\u00bb locked=\u00a0\u00bboff\u00a0\u00bb global_colors_info=\u00a0\u00bb{}\u00a0\u00bb]<\/p>\n<h3>REDUCTIONS:<\/h3>\n<p>[\/et_pb_text][\/et_pb_column][\/et_pb_row][et_pb_row column_structure=\u00a0\u00bb1_2,1_2&Prime; use_custom_gutter=\u00a0\u00bbon\u00a0\u00bb gutter_width=\u00a0\u00bb2&Prime; _builder_version=\u00a0\u00bb4.19.4&Prime; _module_preset=\u00a0\u00bbdefault\u00a0\u00bb global_colors_info=\u00a0\u00bb{}\u00a0\u00bb][et_pb_column type=\u00a0\u00bb1_2&Prime; _builder_version=\u00a0\u00bb4.19.4&Prime; _module_preset=\u00a0\u00bbdefault\u00a0\u00bb global_colors_info=\u00a0\u00bb{}\u00a0\u00bb][et_pb_cta title=\u00a0\u00bbForfait\u00a0\u00bb _builder_version=\u00a0\u00bb4.27.5&Prime; _module_preset=\u00a0\u00bbdefault\u00a0\u00bb header_font=\u00a0\u00bb||||||||\u00a0\u00bb header_text_color=\u00a0\u00bb#FFFFFF\u00a0\u00bb header_font_size=\u00a0\u00bb12px\u00a0\u00bb body_ul_font_size=\u00a0\u00bb12px\u00a0\u00bb background_color=\u00a0\u00bb#763F83&Prime; text_orientation=\u00a0\u00bbleft\u00a0\u00bb hover_enabled=\u00a0\u00bb0&Prime; global_colors_info=\u00a0\u00bb{}\u00a0\u00bb sticky_enabled=\u00a0\u00bb0&Prime;]<\/p>\n<p>Par p\u00e9riode: ne peut pas \u00eatre cumul\u00e9 avec une autre p\u00e9riode.<\/p>\n<p>23\/5 &#8211; 4\/7 et 29\/8 &#8211; 3\/10<\/p>\n<p>Prix par nuit forfait type A + \u00e9lectricit\u00e9 6A du 23\/05 au 4\/07 et du 29\/08 au 3\/10<br \/>30,00\u20ac (Branchement electricit\u00e9 10A + 2,00\u20ac suppl\u00e9mentaire.)<\/p>\n<p>REDUCTION SUPPLEMENTAIRE pour des s\u00e9jours de plus de 21 nuits<br \/>prix par nuit forfait type A + \u00e9lectricit\u00e9 6A 27,00\u20ac<\/p>\n<p>REDUCTION SUPPLEMENTAIRE pour des s\u00e9jours de plus de 28 nuits<br \/>prix par nuit forfait type A + \u00e9lectricit\u00e9 6A 25,00\u20ac<\/p>\n<p>[\/et_pb_cta][\/et_pb_column][et_pb_column type=\u00a0\u00bb1_2&Prime; _builder_version=\u00a0\u00bb4.19.4&Prime; _module_preset=\u00a0\u00bbdefault\u00a0\u00bb global_colors_info=\u00a0\u00bb{}\u00a0\u00bb][\/et_pb_column][\/et_pb_row][et_pb_row _builder_version=\u00a0\u00bb4.19.4&Prime; background_size=\u00a0\u00bbinitial\u00a0\u00bb background_position=\u00a0\u00bbtop_left\u00a0\u00bb background_repeat=\u00a0\u00bbrepeat\u00a0\u00bb custom_margin=\u00a0\u00bb0px||||false|false\u00a0\u00bb custom_padding=\u00a0\u00bb0px||||false|false\u00a0\u00bb global_colors_info=\u00a0\u00bb{}\u00a0\u00bb][et_pb_column type=\u00a0\u00bb4_4&Prime; _builder_version=\u00a0\u00bb4.16&Prime; custom_padding=\u00a0\u00bb|||\u00a0\u00bb global_colors_info=\u00a0\u00bb{}\u00a0\u00bb custom_padding__hover=\u00a0\u00bb|||\u00a0\u00bb][et_pb_button button_url=\u00a0\u00bb@ET-DC@eyJkeW5hbWljIjp0cnVlLCJjb250ZW50IjoicG9zdF9saW5rX3VybF9wYWdlIiwic2V0dGluZ3MiOnsicG9zdF9pZCI6Ijk3OSJ9fQ==@\u00a0\u00bb button_text=\u00a0\u00bbR\u00e9server\u00a0\u00bb button_alignment=\u00a0\u00bbcenter\u00a0\u00bb _builder_version=\u00a0\u00bb4.19.4&Prime; _dynamic_attributes=\u00a0\u00bbbutton_url\u00a0\u00bb _module_preset=\u00a0\u00bbdefault\u00a0\u00bb custom_button=\u00a0\u00bbon\u00a0\u00bb button_text_color=\u00a0\u00bb#FFFFFF\u00a0\u00bb button_bg_color=\u00a0\u00bb#763F83&Prime; button_border_color=\u00a0\u00bb#763F83&Prime; locked=\u00a0\u00bboff\u00a0\u00bb global_colors_info=\u00a0\u00bb{}\u00a0\u00bb button_bg_color__hover_enabled=\u00a0\u00bbon|hover\u00a0\u00bb button_bg_color__hover=\u00a0\u00bb#FFFFFF\u00a0\u00bb button_bg_enable_color__hover=\u00a0\u00bbon\u00a0\u00bb button_text_color__hover_enabled=\u00a0\u00bbon|hover\u00a0\u00bb button_text_color__hover=\u00a0\u00bb#763F83&Prime;][\/et_pb_button][\/et_pb_column][\/et_pb_row][\/et_pb_section]<\/p>\n","protected":false},"excerpt":{"rendered":"<p>Le tarif actuel des emplacements\n<table id=\"tablepress-18-no-2\" class=\"tablepress tablepress-id-18\">\n<tbody class=\"row-striping row-hover\">\n<tr class=\"row-1\">\n\t<td class=\"column-1\">Emplacement caravane\/caravane pliante, camping-car ou tente, inclus 2 personnes, 1 v\u00e9hicule, forfait<\/td><td class=\"column-2\">\u20ac 49,00<\/td>\n<\/tr>\n<tr class=\"row-2\">\n\t<td class=\"column-1\">Branchement \u00e9lectricit\u00e9 (6A)<\/td><td class=\"column-2\">\u20ac 7,00<\/td>\n<\/tr>\n<tr class=\"row-3\">\n\t<td class=\"column-1\">Branchement \u00e9lectricit\u00e9 (10A)<\/td><td class=\"column-2\">\u20ac 8,00<\/td>\n<\/tr>\n<tr class=\"row-4\">\n\t<td class=\"column-1\">Personne suppl\u00e9mentaire sur l'emplacement<\/td><td class=\"column-2\">\u20ac 10,20<\/td>\n<\/tr>\n<tr class=\"row-5\">\n\t<td class=\"column-1\">Enfant jusqu'\u00e0 7 ans<\/td><td class=\"column-2\">\u20ac 8,90<\/td>\n<\/tr>\n<tr class=\"row-6\">\n\t<td class=\"column-1\">Enfant jusqu'\u00e0 2 ans<\/td><td class=\"column-2\">Gratuit<\/td>\n<\/tr>\n<tr class=\"row-7\">\n\t<td class=\"column-1\">Visiteur (de 9H00 - 20H00)<\/td><td class=\"column-2\">\u20ac 10,20<\/td>\n<\/tr>\n<tr class=\"row-8\">\n\t<td class=\"column-1\">Animal<\/td><td class=\"column-2\">\u20ac 3,50<\/td>\n<\/tr>\n<tr class=\"row-9\">\n\t<td class=\"column-1\">Piscine (chauff\u00e9e)<\/td><td class=\"column-2\">Gratuit<\/td>\n<\/tr>\n<tr class=\"row-10\">\n\t<td class=\"column-1\">Location frigo (7 jrs minimum)<\/td><td class=\"column-2\">\u20ac 35,00<\/td>\n<\/tr>\n<tr class=\"row-11\">\n\t<td class=\"column-1\">Taxe de s\u00e9jour \u00e0 partir de 18 ans<\/td><td class=\"column-2\">\u20ac 0,86<\/td>\n<\/tr>\n<tr class=\"row-12\">\n\t<td class=\"column-1\">ECO participation tratement des ordures m\u00e9nag\u00e8res par Pers. Par Nuit<\/td><td class=\"column-2\">\u20ac 0,40<\/td>\n<\/tr>\n<tr class=\"row-13\">\n\t<td class=\"column-1\">Garage mort, par mois, sans assurance, (TVA 20% inclus)<\/td><td class=\"column-2\">\u20ac 37,50<\/td>\n<\/tr>\n<\/tbody>\n<\/table>\nGarage Mort D\u00e9finition :le Camping met \u00e0 la disposition du Client, qui l\u2019accepte, un espace de stationnement, nomm\u00e9 ci-apr\u00e8s \u00ab Garage Mort \u00bbet ne peut en aucun cas s\u2019analyser ou s\u2019assimiler \u00e0 un contrat de d\u00e9p\u00f4t ; il ne cr\u00e9e \u00e0 la charge du Prestataire aucune obligation de garde, [&hellip;]<\/p>\n","protected":false},"author":1,"featured_media":0,"parent":0,"menu_order":0,"comment_status":"closed","ping_status":"closed","template":"","meta":{"_et_pb_use_builder":"on","_et_pb_old_content":"<p>[et_pb_section fb_built=\"1\" _builder_version=\"4.19.0\" width=\"1080px\" width_tablet=\"auto\" width_phone=\"auto\" width_last_edited=\"on|phone\" module_alignment=\"center\" custom_margin=\"|0px||0px|false|false\" custom_padding=\"|0px||0px|false|false\" global_colors_info=\"{}\"][et_pb_row _builder_version=\"4.19.0\" background_size=\"initial\" background_position=\"top_left\" background_repeat=\"repeat\" global_colors_info=\"{}\"][et_pb_column type=\"4_4\" _builder_version=\"4.16\" custom_padding=\"|||\" global_colors_info=\"{}\" custom_padding__hover=\"|||\"][et_pb_text _builder_version=\"4.19.4\" _module_preset=\"default\" locked=\"off\" global_colors_info=\"{}\"]<\/p><h1>Actuele tarieven voor staanplaatsen<\/h1><p>[\/et_pb_text][\/et_pb_column][\/et_pb_row][et_pb_row _builder_version=\"4.19.4\" _module_preset=\"default\" border_width_bottom=\"1px\" border_color_bottom=\"#763F83\" global_colors_info=\"{}\"][et_pb_column type=\"4_4\" _builder_version=\"4.19.4\" _module_preset=\"default\" global_colors_info=\"{}\"][et_pb_text _builder_version=\"4.19.4\" _module_preset=\"default\" global_colors_info=\"{}\"][table id=10 \/][\/et_pb_text][\/et_pb_column][\/et_pb_row][et_pb_row _builder_version=\"4.19.0\" background_size=\"initial\" background_position=\"top_left\" background_repeat=\"repeat\" global_colors_info=\"{}\"][et_pb_column type=\"4_4\" _builder_version=\"4.16\" custom_padding=\"|||\" global_colors_info=\"{}\" custom_padding__hover=\"|||\"][et_pb_text admin_label=\"Acties\" _builder_version=\"4.19.4\" _module_preset=\"default\" locked=\"off\" global_colors_info=\"{}\"]<\/p><h1>Acties<\/h1><p>[\/et_pb_text][\/et_pb_column][\/et_pb_row][et_pb_row column_structure=\"1_3,1_3,1_3\" use_custom_gutter=\"on\" gutter_width=\"2\" _builder_version=\"4.19.4\" _module_preset=\"default\" global_colors_info=\"{}\"][et_pb_column type=\"1_3\" _builder_version=\"4.19.4\" _module_preset=\"default\" global_colors_info=\"{}\"][et_pb_cta title=\"Forfait bij verblijf in de periodes\" _builder_version=\"4.19.4\" _module_preset=\"default\" header_font=\"||||||||\" header_text_color=\"#FFFFFF\" header_font_size=\"12px\" body_ul_font_size=\"12px\" background_color=\"#763F83\" text_orientation=\"left\" global_colors_info=\"{}\"]<\/p><p><strong>20\/5 - 8\/7 en 26\/8 - 9\/10 <\/strong><\/p><ul><li>staanplaats<\/li><li>2 personen<\/li><li>extra personen: 45% korting<\/li><li>caravan\/tent\/vouwwagen<\/li><li>1 auto<\/li><li>bijzettentje<\/li><li>6 Amp\u00e8re aansluiting<\/li><\/ul><h3 style=\"text-align: center;\">\u20ac 28,- p\/n<\/h3><p>[\/et_pb_cta][\/et_pb_column][et_pb_column type=\"1_3\" _builder_version=\"4.19.4\" _module_preset=\"default\" global_colors_info=\"{}\"][et_pb_cta title=\"Forfait bij een verblijf van minimaal 21 nachten in de periodes\" _builder_version=\"4.19.4\" _module_preset=\"default\" header_font=\"||||||||\" header_text_color=\"#FFFFFF\" header_font_size=\"12px\" body_ul_font_size=\"12px\" background_color=\"#763F83\" text_orientation=\"left\" global_colors_info=\"{}\"]<\/p><p><strong>20\/5 - 8\/7 en 26\/8 - 9\/10 <\/strong><\/p><ul><li>staanplaats<\/li><li>2 personen<\/li><li>extra personen: 45% korting<\/li><li>caravan\/tent\/vouwwagen<\/li><li>1 auto<\/li><li>bijzettentje<\/li><li>6 Amp\u00e8re aansluiting<\/li><\/ul><h3 style=\"text-align: center;\">\u20ac 24,50 p\/n<\/h3><p>[\/et_pb_cta][\/et_pb_column][et_pb_column type=\"1_3\" _builder_version=\"4.19.4\" _module_preset=\"default\" global_colors_info=\"{}\"][et_pb_cta title=\"Forfait bij een verblijf van minimaal 28 nachten in de periodes\" _builder_version=\"4.19.4\" _module_preset=\"default\" header_font=\"||||||||\" header_text_color=\"#FFFFFF\" header_font_size=\"12px\" body_ul_font_size=\"12px\" background_color=\"#763F83\" text_orientation=\"left\" global_colors_info=\"{}\"]<\/p><p><strong>20\/5 - 8\/7 en 26\/8 - 9\/10 <\/strong><\/p><ul><li>staanplaats<\/li><li>2 personen<\/li><li>extra personen: 45% korting<\/li><li>caravan\/tent\/vouwwagen<\/li><li>1 auto<\/li><li>bijzettentje<\/li><li>6 Amp\u00e8re aansluiting<\/li><\/ul><h3 style=\"text-align: center;\">\u20ac 22,50 p\/n<\/h3><p>[\/et_pb_cta][\/et_pb_column][\/et_pb_row][et_pb_row _builder_version=\"4.19.4\" background_size=\"initial\" background_position=\"top_left\" background_repeat=\"repeat\" custom_margin=\"0px||||false|false\" custom_padding=\"0px||||false|false\" global_colors_info=\"{}\"][et_pb_column type=\"4_4\" _builder_version=\"4.16\" custom_padding=\"|||\" global_colors_info=\"{}\" custom_padding__hover=\"|||\"][et_pb_text admin_label=\"Acties\" _builder_version=\"4.19.4\" _module_preset=\"default\" custom_padding=\"20px|20px|20px|20px|true|true\" locked=\"off\" global_colors_info=\"{}\"]<\/p><p><span style=\"color: #ff0000;\">Deze acties gelden uitsluitend voor de aangegeven periodes en kunnen niet doorberekend worden met aansluitende periodes of andere kortingsacties.<\/span><\/p><p>[\/et_pb_text][et_pb_text admin_label=\"Acties\" _builder_version=\"4.19.4\" _module_preset=\"default\" custom_padding=\"20px|20px|20px|20px|true|true\" border_width_all=\"1px\" border_color_all=\"#763F83\" locked=\"off\" global_colors_info=\"{}\"]<\/p><p>Een reservering wordt pas definitief na een aanbetaling van 40% van het verschuldigde staanplaatsgeld plus \u20ac17,50 reserveringskosten.<\/p><p>Bevestiging vindt plaats d.m.v. een kwitantie en opgaaf van het restantbedrag, te voldoen uiterlijk 2 weken voor geplande aankomst.<\/p><p>De gereserveerde plaats is beschikbaar vanaf 10.30 uur op de dag van geplande aankomst en dient voor 10.30 uur op de dag van gepland vertrek te worden verlaten.<\/p><p>Annuleringskosten: bedragen 25% van het totaal verschuldigde bedrag als de annulering 6 weken of eerder voor de geboekte periode plaats vindt. Bij annulering binnen 6 weken voor het geboekte tijdvak vervalt de gehele betaling.<br \/>Eventuele annuleringsverzekering door uzelf te verzorgen.<\/p><p>Eventuele tijdelijke storingen van de diensten of in de accomodaties op de camping, om technische redenen of door overmacht, verplichten de directie niet tot schadevergoeding of welke geldvergoeding dan ook.<br \/>In het voor-en naseizoen of door omstandighedenin in het hoogseizoen, heeft de directie van Camping Les Lauriers Roses het recht bepaalde installaties, regelingen, tijden en diensten te veranderen of te annuleren.<\/p><p><strong>Let op!<\/strong><br \/>Receptie is dicht tussen 13.00 en 15.00 uur, maar aankomsten zijn gewoon mogelijk.<br \/>De receptie is op zondagmiddag gesloten. Aankomsten in de middag zijn natuurlijk gewoon mogelijk.<\/p><p>[\/et_pb_text][et_pb_button button_url=\"@ET-DC@eyJkeW5hbWljIjp0cnVlLCJjb250ZW50IjoicG9zdF9saW5rX3VybF9wYWdlIiwic2V0dGluZ3MiOnsicG9zdF9pZCI6Ijk3OSJ9fQ==@\" button_text=\"Reserveer nu uw staanplaats\" button_alignment=\"center\" _builder_version=\"4.19.4\" _dynamic_attributes=\"button_url\" _module_preset=\"default\" custom_button=\"on\" button_text_color=\"#FFFFFF\" button_bg_color=\"#763F83\" button_border_color=\"#763F83\" locked=\"off\" global_colors_info=\"{}\" button_bg_color__hover_enabled=\"on|hover\" button_bg_color__hover=\"#FFFFFF\" button_bg_enable_color__hover=\"on\" button_text_color__hover_enabled=\"on|hover\" button_text_color__hover=\"#763F83\"][\/et_pb_button][\/et_pb_column][\/et_pb_row][\/et_pb_section]<\/p>","_et_gb_content_width":"","footnotes":""},"class_list":["post-800624","page","type-page","status-publish","hentry"],"_links":{"self":[{"href":"https:\/\/info-lauriersroses.com\/fr\/wp-json\/wp\/v2\/pages\/800624","targetHints":{"allow":["GET"]}}],"collection":[{"href":"https:\/\/info-lauriersroses.com\/fr\/wp-json\/wp\/v2\/pages"}],"about":[{"href":"https:\/\/info-lauriersroses.com\/fr\/wp-json\/wp\/v2\/types\/page"}],"author":[{"embeddable":true,"href":"https:\/\/info-lauriersroses.com\/fr\/wp-json\/wp\/v2\/users\/1"}],"replies":[{"embeddable":true,"href":"https:\/\/info-lauriersroses.com\/fr\/wp-json\/wp\/v2\/comments?post=800624"}],"version-history":[{"count":16,"href":"https:\/\/info-lauriersroses.com\/fr\/wp-json\/wp\/v2\/pages\/800624\/revisions"}],"predecessor-version":[{"id":802275,"href":"https:\/\/info-lauriersroses.com\/fr\/wp-json\/wp\/v2\/pages\/800624\/revisions\/802275"}],"wp:attachment":[{"href":"https:\/\/info-lauriersroses.com\/fr\/wp-json\/wp\/v2\/media?parent=800624"}],"curies":[{"name":"wp","href":"https:\/\/api.w.org\/{rel}","templated":true}]}}